{"id":1119,"date":"2014-04-06T13:38:47","date_gmt":"2014-04-06T11:38:47","guid":{"rendered":"https:\/\/domaine-des-amiel.com\/nos-gammes-de-vins-2\/"},"modified":"2019-06-05T11:38:36","modified_gmt":"2019-06-05T09:38:36","slug":"nos-gammes-de-vins","status":"publish","type":"page","link":"https:\/\/domaine-des-amiel.com\/en\/welcome\/nos-gammes-de-vins\/","title":{"rendered":"Our 2 ranges of wines"},"content":{"rendered":"<p>[container]<\/p>\n<p>[empty_separator top_space=&#8221;10px&#8221; bottom_space=&#8221;15px&#8221;]<\/p>\n<h1 style=\"text-align: center;\">OUR 2 RANGES OF WINES<\/h1>\n<p>&nbsp;<\/p>\n<h2 style=\"text-align: center;\">At domaine des Amiel,\u00a0we offer 2 ranges, reflecting well our duality (list is not exhaustive)<\/h2>\n<p>[empty_separator top_space=&#8221;10px&#8221; bottom_space=&#8221;50px&#8221;]<\/p>\n<p style=\"text-align: center;\"><img loading=\"lazy\" decoding=\"async\" class=\" wp-image-6125 aligncenter\" src=\"https:\/\/domaine-des-amiel.com\/wp-content\/uploads\/2017\/12\/cuvees-freres-amiel.jpg\" alt=\"nos gammes de vins\" width=\"1100\" height=\"454\" \/><\/p>\n<p>[empty_separator top_space=&#8221;10px&#8221; bottom_space=&#8221;50px&#8221;]<\/p>\n<p>[bold_title]<\/p>\n<h1>THE &#8220;BROTHERS&#8221; RANGE<\/h1>\n<p>[\/bold_title]<\/p>\n<p>[empty_separator top_space=&#8221;50px&#8221; bottom_space=&#8221;50px&#8221;]<\/p>\n<p>[one_half][our_services title=&#8221;FAREM TOT PETAR ROS\u00c9 &#8221; image_url=&#8221;https:\/\/domaine-des-amiel.com\/wp-content\/uploads\/2015\/03\/Etiquette-FAREM-Rose.jpg&#8221; name=&#8221;Etiquette-petard-rose&#8221;]\u00a0A natural sparkling ros\u00e9 &#8220;Pet&#8217;Nat&#8221; made of Syrah to bring bubbles in your life!<\/p>\n<p><a href=\"https:\/\/domaine-des-amiel.com\/wp-content\/uploads\/2019\/06\/FT-FAREM-TOT-PETAR-2018.pdf\" target=\"_blank\" rel=\"noopener\">VOIR LA FICHE TECHNIQUE<\/a>[\/our_services][\/one_half]<\/p>\n<p>[one_half][our_services title=&#8221;SOUS LE MANTEAU&#8221; image_url=&#8221;https:\/\/domaine-des-amiel.com\/wp-content\/uploads\/2019\/06\/\u00e9tiquette-SLM-rouge-2018.png&#8221; name=&#8221;SLM&#8221;] Le Rouge, le Blanc, le Orange, la Cartag\u00e8ne, le Jus de Raisin, le Vermouth&#8230; Many secrets to be discovered!<\/p>\n<p>[\/our_services][\/one_half]<\/p>\n<p>[one_half][our_services title=&#8221;PREMIER ROLLE&#8221; image_url=&#8221;https:\/\/domaine-des-amiel.com\/wp-content\/uploads\/2014\/04\/Etiquette-PR.jpg&#8221; name=&#8221;Etiquette-premier-rolle&#8221;] Based on Vermentino, lively white with citrusy and herbal notes&#8230;<\/p>\n<p><a href=\"https:\/\/domaine-des-amiel.com\/wp-content\/uploads\/2019\/06\/FT-PREMIER-ROLLE-2018.pdf\">VOIR LA FICHE TECHNIQUE<\/a>[\/our_services][\/one_half]<\/p>\n<p>[one_half][our_services title=&#8221;LE ROLLE DANS LA PEAU&#8221; image_url=&#8221;https:\/\/domaine-des-amiel.com\/wp-content\/uploads\/2015\/03\/Etiquette-le-Rolle-dans-la-peau.jpg&#8221; name=&#8221;Etiquette-rolle-dans-la-peau&#8221;] &#8220;Orange&#8221; wine 100% Vermentino, macerated with the skins: some tannins and a great complexity for a unique wine!<\/p>\n<p><a href=\"https:\/\/domaine-des-amiel.com\/wp-content\/uploads\/2019\/06\/FT-LE-ROLLE-DANS-LA-PEAU-\u2013-2018.pdf\" target=\"_blank\" rel=\"noopener\">VOIR LA FICHE TECHNIQUE<\/a>[\/our_services][\/one_half]<\/p>\n<p>[empty_separator top_space=&#8221;5px&#8221; bottom_space=&#8221;10px&#8221;]<\/p>\n<p>[one_half][our_services title=&#8221;MOUNTO DABALLO&#8221; image_url=&#8221;https:\/\/domaine-des-amiel.com\/wp-content\/uploads\/2014\/04\/Etiquette-MD.jpg&#8221; name=&#8221;Etiquette-munto-daballo&#8221;] Based on Cinsault, a juicy red with lots, lots of fruit. The wine goes down faster than you bring it up to your mouth!<\/p>\n<p><a href=\"https:\/\/domaine-des-amiel.com\/wp-content\/uploads\/2019\/06\/FT-MOUNTO-DABALLO-\u2013-2018.pdf\">VOIR LA FICHE TECHNIQUE<\/a>[\/our_services][\/one_half]<\/p>\n<p>[one_half][our_services title=&#8221;\u00c0 L&#8217;OUEST&#8221; image_url=&#8221;https:\/\/domaine-des-amiel.com\/wp-content\/uploads\/2014\/04\/Etiquette-AO.jpg&#8221; name=&#8221;Etiquette-a-louest&#8221;] A Merlot-Cabernet blend as you never tasted it! Our version of those atlantic varieties&#8230;<\/p>\n<p><a href=\"https:\/\/domaine-des-amiel.com\/wp-content\/uploads\/2019\/06\/FT-A-LOUEST-\u2013-2017.pdf\">VOIR LA FICHE TECHNIQUE<\/a>[\/our_services][\/one_half]<\/p>\n<p>&nbsp;<\/p>\n<p>[empty_separator top_space=&#8221;10px&#8221; bottom_space=&#8221;50px&#8221;]<\/p>\n<p>[bold_title]<\/p>\n<h1>THE TRIBUTE RANGE<\/h1>\n<p>[\/bold_title]<\/p>\n<p>[empty_separator top_space=&#8221;50px&#8221; bottom_space=&#8221;30px&#8221;]<\/p>\n<p>[one_half][our_services title=&#8221;\u00c0 COURAL&#8221; image_url=&#8221;https:\/\/domaine-des-amiel.com\/wp-content\/uploads\/2014\/04\/Etiquette-A-COURAL.jpg&#8221; name=&#8221;Etiquette-a-coural&#8221;] A blend of Syrah &amp; Grenache\u00a0aged a few months in tank. Classic, but so good!<\/p>\n<p><a href=\"https:\/\/domaine-des-amiel.com\/wp-content\/uploads\/2019\/06\/FT-A-COURAL-\u2013-2018.pdf\">VOIR LA FICHE TECHNIQUE<\/a>[\/our_services][\/one_half]<\/p>\n<p>[one_half][our_services title=&#8221;\u00c0 BA\u00cfA&#8221; image_url=&#8221;https:\/\/domaine-des-amiel.com\/wp-content\/uploads\/2016\/05\/Capture-d\u2019\u00e9cran-2016-05-31-\u00e0-17.32.46.png&#8221; name=&#8221;Etiquette-a-BAIA&#8221;] A high-class ros\u00e9 for Jordan&#8217;s daughter ! A cuv\u00e9e that could compete with great whites&#8230;<\/p>\n<p><a href=\"https:\/\/domaine-des-amiel.com\/wp-content\/uploads\/2019\/06\/FT-A-BA\u00cfA-\u2013-2018.pdf\">VOIR LA FICHE TECHNIQUE<\/a>[\/our_services][\/one_half]<\/p>\n<p>[one_half][our_services title=&#8221;\u00c0 \u00c9LISE&#8221; image_url=&#8221;https:\/\/domaine-des-amiel.com\/wp-content\/uploads\/2014\/04\/Etiquette-A-\u00e9lize.jpg&#8221; name=&#8221;Etiquette-a-elise&#8221;] A wine based Vermentino with a bit of an oxidative aging.<\/p>\n<p><a href=\"https:\/\/domaine-des-amiel.com\/wp-content\/uploads\/2016\/05\/A-\u00c9LISE-\u2013-2015.pdf\">VOIR LA FICHE TECHNIQUE<\/a>[\/our_services][\/one_half]<\/p>\n<p>[one_half][our_services title=&#8221;\u00c0 PEISSOU&#8221; image_url=&#8221;https:\/\/domaine-des-amiel.com\/wp-content\/uploads\/2015\/03\/Etiquette-A-PEISSOU.jpg&#8221; name=&#8221;Etiquette-a-louest&#8221;] The image of our estate. Some great Syrah, very elegant, both fruity and floral, aged in tank and oak.<\/p>\n<p><a href=\"https:\/\/domaine-des-amiel.com\/wp-content\/uploads\/2019\/06\/FT-A-PEISSOU-\u2013-2018.pdf\">VOIR LA FICHE TECHNIQUE<\/a>[\/our_services][\/one_half]<\/p>\n<p>[one_half][our_services title=&#8221;\u00c0 YVONNE&#8221; image_url=&#8221;https:\/\/domaine-des-amiel.com\/wp-content\/uploads\/2017\/12\/\u00e0-Yvonne.jpg&#8221; name=&#8221;Etiquette-a-jean&#8221;] Our &#8220;grand blanc&#8221;, generous and elegant, based on Vermentino and aged in oak. A nice tribute to our grandmother!<\/p>\n<p><a href=\"https:\/\/domaine-des-amiel.com\/wp-content\/uploads\/2019\/06\/FT-A-YVONNE-\u2013-2017.pdf\" target=\"_blank\" rel=\"noopener\">VOIR LA FICHE TECHNIQUE<\/a>[\/our_services][\/one_half]<\/p>\n<p>[one_half][our_services title=&#8221;\u00c0 JEAN&#8221; image_url=&#8221;https:\/\/domaine-des-amiel.com\/wp-content\/uploads\/2015\/03\/Etiquette-A-JEAN.jpg&#8221; name=&#8221;Etiquette-a-jean&#8221;] Some great wine, fine and complex, based on Grenache &amp; Syrah, aged in demi-muids.<\/p>\n<p><a href=\"https:\/\/domaine-des-amiel.com\/wp-content\/uploads\/2019\/06\/FT-A-JEAN-\u2013-2015.pdf\" target=\"_blank\" rel=\"noopener\">VOIR LA FICHE TECHNIQUE<\/a>[\/our_services][\/one_half]<\/p>\n<p>[one_half][our_services title=&#8221;L&#8217;ENCRE DE GUY&#8221; image_url=&#8221;https:\/\/domaine-des-amiel.com\/wp-content\/uploads\/2015\/06\/Etiquette-lencre-de-guy.jpg&#8221; name=&#8221;Etiquette-Guy&#8221;] A naturally sweet red wine made from late-harvested grapes.<\/p>\n<p><a href=\"https:\/\/domaine-des-amiel.com\/wp-content\/uploads\/2019\/06\/FT-LENCRE-DE-GUY-2017.pdf\" target=\"_blank\" rel=\"noopener\">VOIR LA FICHE TECHNIQUE<\/a>[\/our_services][\/one_half]<\/p>\n<p>[one_half][our_services title=&#8221;A ROSE&#8221; image_url=&#8221;https:\/\/domaine-des-amiel.com\/wp-content\/uploads\/2019\/06\/\u00e0-Rose.jpg&#8221; name=&#8221;\u00e0 Rose&#8221;] A solid red made of 100% Alicante, aged in foudre, that pays tribute to Aymeric&#8217;s daughter&#8230;<\/p>\n<p><a href=\"https:\/\/domaine-des-amiel.com\/wp-content\/uploads\/2019\/06\/FT-A-ROSE-\u2013-2016.pdf\">VOIR LA FICHE TECHNIQUE<\/a>[\/our_services][\/one_half]<\/p>\n<p>[empty_separator top_space=&#8221;10px&#8221; bottom_space=&#8221;50px&#8221;]<\/p>\n\r\n    <div class=\"from-the-blog-wrapper swiper-container swiper-69f599a0cc997\" data-id=\"69f599a0cc997\">\r\n\r\n        <div class=\"gbtr_items_sliders_header\">\r\n            <div class=\"gbtr_items_sliders_title\">\r\n                <div class=\"gbtr_featured_section_title\"><strong>En direct du blog<\/strong><\/div>\r\n            <\/div>\r\n            <div class=\"gbtr_items_sliders_nav\">\r\n                <div class='big_arrow_right slider-button-prev'><\/div>\r\n                <div class='big_arrow_left slider-button-next'><\/div>\r\n                <div class='clr'><\/div>\r\n            <\/div>\r\n        <\/div>\r\n\r\n        <div class=\"gbtr_bold_sep\"><\/div>\r\n\r\n        <div class=\"swiper-wrapper\">\r\n\r\n            \r\n                \r\n                    \r\n                    <div class=\"swiper-slide from_the_blog_item \">\r\n\r\n                        <a class=\"from_the_blog_img img_zoom_in\" href=\"https:\/\/domaine-des-amiel.com\/en\/a-peissou-in-the-wall-street-journal-how-cool\/\">\r\n                                                            <img loading=\"lazy\" decoding=\"async\" width=\"480\" height=\"480\" src=\"https:\/\/domaine-des-amiel.com\/wp-content\/uploads\/2019\/05\/19.02-Wall-Street-Journal-\u00e0-Pe\u00efssou-480x480.jpg\" class=\"attachment-recent_posts_shortcode size-recent_posts_shortcode wp-post-image\" alt=\"\" srcset=\"https:\/\/domaine-des-amiel.com\/wp-content\/uploads\/2019\/05\/19.02-Wall-Street-Journal-\u00e0-Pe\u00efssou-480x480.jpg 480w, https:\/\/domaine-des-amiel.com\/wp-content\/uploads\/2019\/05\/19.02-Wall-Street-Journal-\u00e0-Pe\u00efssou-100x100.jpg 100w, https:\/\/domaine-des-amiel.com\/wp-content\/uploads\/2019\/05\/19.02-Wall-Street-Journal-\u00e0-Pe\u00efssou-150x150.jpg 150w, https:\/\/domaine-des-amiel.com\/wp-content\/uploads\/2019\/05\/19.02-Wall-Street-Journal-\u00e0-Pe\u00efssou-140x140.jpg 140w, https:\/\/domaine-des-amiel.com\/wp-content\/uploads\/2019\/05\/19.02-Wall-Street-Journal-\u00e0-Pe\u00efssou-300x300.jpg 300w, https:\/\/domaine-des-amiel.com\/wp-content\/uploads\/2019\/05\/19.02-Wall-Street-Journal-\u00e0-Pe\u00efssou-960x960.jpg 960w, https:\/\/domaine-des-amiel.com\/wp-content\/uploads\/2019\/05\/19.02-Wall-Street-Journal-\u00e0-Pe\u00efssou-280x280.jpg 280w\" sizes=\"auto, (max-width: 480px) 100vw, 480px\" \/>                                                        <span class=\"from_the_blog_date\">\r\n                                <span class=\"from_the_blog_date_day\">30<\/span>\r\n                                <span class=\"from_the_blog_date_month\">May<\/span>\r\n                            <\/span>\r\n                        <\/a>\r\n\r\n                        <div class=\"from_the_blog_content\">\r\n\r\n                                                            <a class=\"from_the_blog_title\" href=\"https:\/\/domaine-des-amiel.com\/en\/a-peissou-in-the-wall-street-journal-how-cool\/\"><h3>\u00e0 Pe\u00efssou in the Wall...<\/h3><\/a>\r\n                            \r\n                            <div class=\"from_the_blog_excerpt\">\r\n                                                            <\/div>\r\n\r\n                                                            <div class=\"from_the_blog_comments\">\r\n                                    <span><\/span>                                <\/div>\r\n                            \r\n                        <\/div>\r\n\r\n                    <\/div>\r\n\r\n                \r\n                    \r\n                    <div class=\"swiper-slide from_the_blog_item \">\r\n\r\n                        <a class=\"from_the_blog_img img_zoom_in\" href=\"https:\/\/domaine-des-amiel.com\/en\/a-peissou-in-french-magazine-que-choisir\/\">\r\n                                                            <img loading=\"lazy\" decoding=\"async\" width=\"480\" height=\"480\" src=\"https:\/\/domaine-des-amiel.com\/wp-content\/uploads\/2019\/05\/Que-choisir-\u00e0-Pe\u00efssou-480x480.png\" class=\"attachment-recent_posts_shortcode size-recent_posts_shortcode wp-post-image\" alt=\"\" srcset=\"https:\/\/domaine-des-amiel.com\/wp-content\/uploads\/2019\/05\/Que-choisir-\u00e0-Pe\u00efssou-480x480.png 480w, https:\/\/domaine-des-amiel.com\/wp-content\/uploads\/2019\/05\/Que-choisir-\u00e0-Pe\u00efssou-100x100.png 100w, https:\/\/domaine-des-amiel.com\/wp-content\/uploads\/2019\/05\/Que-choisir-\u00e0-Pe\u00efssou-150x150.png 150w, https:\/\/domaine-des-amiel.com\/wp-content\/uploads\/2019\/05\/Que-choisir-\u00e0-Pe\u00efssou-140x140.png 140w, https:\/\/domaine-des-amiel.com\/wp-content\/uploads\/2019\/05\/Que-choisir-\u00e0-Pe\u00efssou-300x300.png 300w, https:\/\/domaine-des-amiel.com\/wp-content\/uploads\/2019\/05\/Que-choisir-\u00e0-Pe\u00efssou-280x280.png 280w\" sizes=\"auto, (max-width: 480px) 100vw, 480px\" \/>                                                        <span class=\"from_the_blog_date\">\r\n                                <span class=\"from_the_blog_date_day\">30<\/span>\r\n                                <span class=\"from_the_blog_date_month\">May<\/span>\r\n                            <\/span>\r\n                        <\/a>\r\n\r\n                        <div class=\"from_the_blog_content\">\r\n\r\n                                                            <a class=\"from_the_blog_title\" href=\"https:\/\/domaine-des-amiel.com\/en\/a-peissou-in-french-magazine-que-choisir\/\"><h3>\u00e0 Pe\u00efssou in french magazine...<\/h3><\/a>\r\n                            \r\n                            <div class=\"from_the_blog_excerpt\">\r\n                                                            <\/div>\r\n\r\n                                                            <div class=\"from_the_blog_comments\">\r\n                                    <span><\/span>                                <\/div>\r\n                            \r\n                        <\/div>\r\n\r\n                    <\/div>\r\n\r\n                \r\n                    \r\n                    <div class=\"swiper-slide from_the_blog_item \">\r\n\r\n                        <a class=\"from_the_blog_img img_zoom_in\" href=\"https:\/\/domaine-des-amiel.com\/en\/la-gabinela-is-open\/\">\r\n                                                            <img loading=\"lazy\" decoding=\"async\" width=\"190\" height=\"190\" src=\"https:\/\/domaine-des-amiel.com\/wp-content\/uploads\/2017\/05\/Flyer-gabinela-2017-190x190.jpg\" class=\"attachment-recent_posts_shortcode size-recent_posts_shortcode wp-post-image\" alt=\"\" srcset=\"https:\/\/domaine-des-amiel.com\/wp-content\/uploads\/2017\/05\/Flyer-gabinela-2017-190x190.jpg 190w, https:\/\/domaine-des-amiel.com\/wp-content\/uploads\/2017\/05\/Flyer-gabinela-2017-100x100.jpg 100w, https:\/\/domaine-des-amiel.com\/wp-content\/uploads\/2017\/05\/Flyer-gabinela-2017-150x150.jpg 150w, https:\/\/domaine-des-amiel.com\/wp-content\/uploads\/2017\/05\/Flyer-gabinela-2017-300x300.jpg 300w, https:\/\/domaine-des-amiel.com\/wp-content\/uploads\/2017\/05\/Flyer-gabinela-2017-380x380.jpg 380w\" sizes=\"auto, (max-width: 190px) 100vw, 190px\" \/>                                                        <span class=\"from_the_blog_date\">\r\n                                <span class=\"from_the_blog_date_day\">26<\/span>\r\n                                <span class=\"from_the_blog_date_month\">May<\/span>\r\n                            <\/span>\r\n                        <\/a>\r\n\r\n                        <div class=\"from_the_blog_content\">\r\n\r\n                                                            <a class=\"from_the_blog_title\" href=\"https:\/\/domaine-des-amiel.com\/en\/la-gabinela-is-open\/\"><h3>La Gabin\u00e8la is Open&#8230;<\/h3><\/a>\r\n                            \r\n                            <div class=\"from_the_blog_excerpt\">\r\n                                                            <\/div>\r\n\r\n                                                            <div class=\"from_the_blog_comments\">\r\n                                    <span><\/span>                                <\/div>\r\n                            \r\n                        <\/div>\r\n\r\n                    <\/div>\r\n\r\n                \r\n                    \r\n                    <div class=\"swiper-slide from_the_blog_item \">\r\n\r\n                        <a class=\"from_the_blog_img img_zoom_in\" href=\"https:\/\/domaine-des-amiel.com\/en\/full-moon-party-on-may-10th\/\">\r\n                                                            <img loading=\"lazy\" decoding=\"async\" width=\"190\" height=\"190\" src=\"https:\/\/domaine-des-amiel.com\/wp-content\/uploads\/2015\/02\/21-full-moon-monde-190x190.jpg\" class=\"attachment-recent_posts_shortcode size-recent_posts_shortcode wp-post-image\" alt=\"\" srcset=\"https:\/\/domaine-des-amiel.com\/wp-content\/uploads\/2015\/02\/21-full-moon-monde-190x190.jpg 190w, https:\/\/domaine-des-amiel.com\/wp-content\/uploads\/2015\/02\/21-full-moon-monde-100x100.jpg 100w, https:\/\/domaine-des-amiel.com\/wp-content\/uploads\/2015\/02\/21-full-moon-monde-150x150.jpg 150w, https:\/\/domaine-des-amiel.com\/wp-content\/uploads\/2015\/02\/21-full-moon-monde-300x300.jpg 300w, https:\/\/domaine-des-amiel.com\/wp-content\/uploads\/2015\/02\/21-full-moon-monde-380x380.jpg 380w\" sizes=\"auto, (max-width: 190px) 100vw, 190px\" \/>                                                        <span class=\"from_the_blog_date\">\r\n                                <span class=\"from_the_blog_date_day\">03<\/span>\r\n                                <span class=\"from_the_blog_date_month\">May<\/span>\r\n                            <\/span>\r\n                        <\/a>\r\n\r\n                        <div class=\"from_the_blog_content\">\r\n\r\n                                                            <a class=\"from_the_blog_title\" href=\"https:\/\/domaine-des-amiel.com\/en\/full-moon-party-on-may-10th\/\"><h3>Full Moon party on May...<\/h3><\/a>\r\n                            \r\n                            <div class=\"from_the_blog_excerpt\">\r\n                                Here we go again with our Full Moon parties!! Let&#8217;s meet in...                            <\/div>\r\n\r\n                                                            <div class=\"from_the_blog_comments\">\r\n                                    <span><\/span>                                <\/div>\r\n                            \r\n                        <\/div>\r\n\r\n                    <\/div>\r\n\r\n                \r\n                    \r\n                    <div class=\"swiper-slide from_the_blog_item \">\r\n\r\n                        <a class=\"from_the_blog_img img_zoom_in\" href=\"https:\/\/domaine-des-amiel.com\/en\/la-gabinela-goes-to-winter-mode\/\">\r\n                                                            <img loading=\"lazy\" decoding=\"async\" width=\"190\" height=\"190\" src=\"https:\/\/domaine-des-amiel.com\/wp-content\/uploads\/2016\/10\/coin-du-feu-190x190.jpg\" class=\"attachment-recent_posts_shortcode size-recent_posts_shortcode wp-post-image\" alt=\"\" srcset=\"https:\/\/domaine-des-amiel.com\/wp-content\/uploads\/2016\/10\/coin-du-feu-190x190.jpg 190w, https:\/\/domaine-des-amiel.com\/wp-content\/uploads\/2016\/10\/coin-du-feu-100x100.jpg 100w, https:\/\/domaine-des-amiel.com\/wp-content\/uploads\/2016\/10\/coin-du-feu-150x150.jpg 150w\" sizes=\"auto, (max-width: 190px) 100vw, 190px\" \/>                                                        <span class=\"from_the_blog_date\">\r\n                                <span class=\"from_the_blog_date_day\">27<\/span>\r\n                                <span class=\"from_the_blog_date_month\">Oct<\/span>\r\n                            <\/span>\r\n                        <\/a>\r\n\r\n                        <div class=\"from_the_blog_content\">\r\n\r\n                                                            <a class=\"from_the_blog_title\" href=\"https:\/\/domaine-des-amiel.com\/en\/la-gabinela-goes-to-winter-mode\/\"><h3>La Gabin\u00e8la goes to WINTER...<\/h3><\/a>\r\n                            \r\n                            <div class=\"from_the_blog_excerpt\">\r\n                                Dear friends, from today La Gabin\u00e8la goes to WINTER mode&#8230; No more...                            <\/div>\r\n\r\n                                                            <div class=\"from_the_blog_comments\">\r\n                                    <span><\/span>                                <\/div>\r\n                            \r\n                        <\/div>\r\n\r\n                    <\/div>\r\n\r\n                \r\n                    \r\n                    <div class=\"swiper-slide from_the_blog_item \">\r\n\r\n                        <a class=\"from_the_blog_img img_zoom_in\" href=\"https:\/\/domaine-des-amiel.com\/en\/our-restaurant-is-now-open\/\">\r\n                                                            <img loading=\"lazy\" decoding=\"async\" width=\"190\" height=\"190\" src=\"https:\/\/domaine-des-amiel.com\/wp-content\/uploads\/2016\/09\/Courgette-farcie-e1474537717893-190x190.jpg\" class=\"attachment-recent_posts_shortcode size-recent_posts_shortcode wp-post-image\" alt=\"\" srcset=\"https:\/\/domaine-des-amiel.com\/wp-content\/uploads\/2016\/09\/Courgette-farcie-e1474537717893-190x190.jpg 190w, https:\/\/domaine-des-amiel.com\/wp-content\/uploads\/2016\/09\/Courgette-farcie-e1474537717893-100x100.jpg 100w, https:\/\/domaine-des-amiel.com\/wp-content\/uploads\/2016\/09\/Courgette-farcie-e1474537717893-150x150.jpg 150w, https:\/\/domaine-des-amiel.com\/wp-content\/uploads\/2016\/09\/Courgette-farcie-e1474537717893-300x300.jpg 300w, https:\/\/domaine-des-amiel.com\/wp-content\/uploads\/2016\/09\/Courgette-farcie-e1474537717893-380x380.jpg 380w\" sizes=\"auto, (max-width: 190px) 100vw, 190px\" \/>                                                        <span class=\"from_the_blog_date\">\r\n                                <span class=\"from_the_blog_date_day\">22<\/span>\r\n                                <span class=\"from_the_blog_date_month\">Sep<\/span>\r\n                            <\/span>\r\n                        <\/a>\r\n\r\n                        <div class=\"from_the_blog_content\">\r\n\r\n                                                            <a class=\"from_the_blog_title\" href=\"https:\/\/domaine-des-amiel.com\/en\/our-restaurant-is-now-open\/\"><h3>Our restaurant is now OPEN!<\/h3><\/a>\r\n                            \r\n                            <div class=\"from_the_blog_excerpt\">\r\n                                For a few weeks already our\u00a0Restaurant LA GABIN\u00c8LA is open! Come and...                            <\/div>\r\n\r\n                                                            <div class=\"from_the_blog_comments\">\r\n                                    <span><\/span>                                <\/div>\r\n                            \r\n                        <\/div>\r\n\r\n                    <\/div>\r\n\r\n                \r\n            \r\n        <\/div>\r\n\r\n    <\/div>\r\n\r\n    \n<p>[empty_separator top_space=&#8221;50px&#8221; bottom_space=&#8221;50px&#8221;]<\/p>\n<p>[\/container]<\/p>\n","protected":false},"excerpt":{"rendered":"<p>[container] [empty_separator top_space=&#8221;10px&#8221; bottom_space=&#8221;15px&#8221;] OUR 2 RANGES OF WINES &nbsp; At domaine des Amiel,\u00a0we offer 2 ranges, reflecting well our duality (list is not exhaustive) [empty_separator top_space=&#8221;10px&#8221; bottom_space=&#8221;50px&#8221;] [empty_separator top_space=&#8221;10px&#8221; bottom_space=&#8221;50px&#8221;] [bold_title] THE &#8220;BROTHERS&#8221; RANGE [\/bold_title] [empty_separator top_space=&#8221;50px&#8221; bottom_space=&#8221;50px&#8221;] [one_half][our_services title=&#8221;FAREM TOT PETAR ROS\u00c9 &#8221; image_url=&#8221;https:\/\/domaine-des-amiel.com\/wp-content\/uploads\/2015\/03\/Etiquette-FAREM-Rose.jpg&#8221; name=&#8221;Etiquette-petard-rose&#8221;]\u00a0A natural sparkling ros\u00e9 &#8220;Pet&#8217;Nat&#8221; made of Syrah to [&hellip;]<\/p>\n","protected":false},"author":4,"featured_media":0,"parent":373,"menu_order":0,"comment_status":"open","ping_status":"closed","template":"page-full.php","meta":{"footnotes":""},"class_list":["post-1119","page","type-page","status-publish","hentry"],"_links":{"self":[{"href":"https:\/\/domaine-des-amiel.com\/en\/wp-json\/wp\/v2\/pages\/1119","targetHints":{"allow":["GET"]}}],"collection":[{"href":"https:\/\/domaine-des-amiel.com\/en\/wp-json\/wp\/v2\/pages"}],"about":[{"href":"https:\/\/domaine-des-amiel.com\/en\/wp-json\/wp\/v2\/types\/page"}],"author":[{"embeddable":true,"href":"https:\/\/domaine-des-amiel.com\/en\/wp-json\/wp\/v2\/users\/4"}],"replies":[{"embeddable":true,"href":"https:\/\/domaine-des-amiel.com\/en\/wp-json\/wp\/v2\/comments?post=1119"}],"version-history":[{"count":0,"href":"https:\/\/domaine-des-amiel.com\/en\/wp-json\/wp\/v2\/pages\/1119\/revisions"}],"up":[{"embeddable":true,"href":"https:\/\/domaine-des-amiel.com\/en\/wp-json\/wp\/v2\/pages\/373"}],"wp:attachment":[{"href":"https:\/\/domaine-des-amiel.com\/en\/wp-json\/wp\/v2\/media?parent=1119"}],"curies":[{"name":"wp","href":"https:\/\/api.w.org\/{rel}","templated":true}]}}